{"id":2326,"date":"2024-04-26T15:40:09","date_gmt":"2024-04-26T13:40:09","guid":{"rendered":"https:\/\/socleatelier.fr\/?post_type=portfolio&#038;p=2326"},"modified":"2026-03-19T12:05:19","modified_gmt":"2026-03-19T11:05:19","slug":"dom-rehabilitation-des-communs-du-presbytere-en-salles-associatives","status":"publish","type":"portfolio","link":"https:\/\/socleatelier.fr\/?portfolio=dom-rehabilitation-des-communs-du-presbytere-en-salles-associatives","title":{"rendered":"R\u00e9habilitation d&rsquo;un ancien presbyt\u00e8re en salles associatives"},"content":{"rendered":"<div class=\"wpb-content-wrapper\">[vc_row css=\u00a0\u00bb.vc_custom_1490788621627{margin-top: 80px !important;}\u00a0\u00bb][vc_column width=\u00a0\u00bb2\/3&Prime; el_class=\u00a0\u00bbimage-wrapper\u00a0\u00bb][vc_column_text el_class=\u00a0\u00bbmobile-project-title\u00a0\u00bb]\n<p class=\"p1\"><strong>DOM \u2013 R\u00e9habilitation des communs du presbyt\u00e8re de la Dominelais en salles associatives<br \/>\n<\/strong><\/p>\n[\/vc_column_text][vc_gallery type=\u00a0\u00bbimage_grid\u00a0\u00bb images=\u00a0\u00bb2539,2415,2409,2799,2412,2794,2411,2414,2410,2793,2791,2792&Prime; img_size=\u00a0\u00bblarge\u00a0\u00bb css=\u00a0\u00bb\u00a0\u00bb el_class=\u00a0\u00bbimage-grid\u00a0\u00bb][\/vc_column][vc_column fixed=\u00a0\u00bbthb-fixed\u00a0\u00bb width=\u00a0\u00bb1\/3&Prime; el_class=\u00a0\u00bbtext-wrapper\u00a0\u00bb][vc_column_text el_class=\u00a0\u00bbproject-title\u00a0\u00bb]\n<p class=\"p1\"><strong>DOM \u2013 R\u00e9habilitation des communs du presbyt\u00e8re de la Dominelais en salles associatives<br \/>\n<\/strong><\/p>\n[\/vc_column_text][vc_empty_space][vc_column_text css=\u00a0\u00bb\u00a0\u00bb el_class=\u00a0\u00bbproject-description\u00a0\u00bb]Le c\u0153ur de bourg de la commune de la Dominelais (35) s&rsquo;organise de mani\u00e8re concentrique autour de la place de l&rsquo;\u00e9glise et de la mairie. En premi\u00e8re couronne autour de la place, on trouve de nombreux b\u00e2timents en pierres de pays, de la typologie des long\u00e8res. Le projet porte sur l&rsquo;\u00eelot urbain sur lequel se trouvent les b\u00e2timents de l&rsquo;ancien presbyt\u00e8re. La maison de ma\u00eetre abrite d\u00e9j\u00e0 des logements, alors que les communs (autrefois \u00e9cole, puis lieu du cat\u00e9chisme) et la salle du patronage cherchent une nouvelle voie. L&rsquo;\u00e9tude urbaine a l&rsquo;\u00e9chelle de l&rsquo;\u00eelot permet de d\u00e9gager de nouveaux cheminements pi\u00e9tons et de sp\u00e9cifier l&rsquo;usage et l&rsquo;am\u00e9nagement des diff\u00e9rents espaces publics.<\/p>\n<p>Le b\u00e2timent des communs a vocation \u00e0 \u00eatre transform\u00e9 en profondeur pour offrir des espaces associatifs et de r\u00e9ception \u00e0 la commune, via une r\u00e9habilitation respectueuse des enjeux environnementaux et du b\u00e2ti ancien. Le logis principal existant est r\u00e9habilit\u00e9, ses fa\u00e7ades en pierres sont remises \u00e0 nu et d&rsquo;anciennes ouvertures cintr\u00e9es sont r\u00e9-ouvertes. L&rsquo;ancien pr\u00e9au est d\u00e9construit pour laisser place \u00e0 une extension qui utilise les pierres issues de la d\u00e9construction pour cr\u00e9er de nouveaux murs en mo\u00ebllons.[\/vc_column_text][vc_empty_space][vc_column_text el_class=\u00a0\u00bbproject-details\u00a0\u00bb]\n<p class=\"p1\"><b>Lieu : <\/b>la Dominelais (35)<br \/>\n<b>Ma\u00eetrise d&rsquo;ouvrage : <\/b>mairie de la Dominelais<br \/>\n<b>\u00c9quipe :<\/b> atelier socle +<a href=\"https:\/\/matricepaysage.fr\/\"> matrice<\/a> + ascia + aireo<br \/>\n<b>Mission : <\/b>\u00e9tude urbaine + mission compl\u00e8te<br \/>\n<b>Calendrier : <\/b>chantier en cours<br \/>\n<b>Montant travaux : <\/b>845 000 \u20ac HT<br \/>\n<b>Surface\u00a0:<\/b> 175 m2 &#8211; hors espaces ext\u00e9rieurs<\/p>\n[\/vc_column_text][vc_empty_space height=\u00a0\u00bb50px\u00a0\u00bb][\/vc_column][vc_column][\/vc_column][\/vc_row]\n<\/div>","protected":false},"excerpt":{"rendered":"<p>[vc_row css=\u00a0\u00bb.vc_custom_1490788621627{margin-top: 80px !important;}\u00a0\u00bb][vc_column width=\u00a0\u00bb2\/3&Prime; el_class=\u00a0\u00bbimage-wrapper\u00a0\u00bb][vc_column_text el_class=\u00a0\u00bbmobile-project-title\u00a0\u00bb] DOM \u2013 R\u00e9habilitation des communs du presbyt\u00e8re de la Dominelais en salles associatives [\/vc_column_text][vc_gallery type=\u00a0\u00bbimage_grid\u00a0\u00bb images=\u00a0\u00bb2539,2415,2409,2799,2412,2794,2411,2414,2410,2793,2791,2792&Prime; img_size=\u00a0\u00bblarge\u00a0\u00bb css=\u00a0\u00bb\u00a0\u00bb el_class=\u00a0\u00bbimage-grid\u00a0\u00bb][\/vc_column][vc_column fixed=\u00a0\u00bbthb-fixed\u00a0\u00bb width=\u00a0\u00bb1\/3&Prime; el_class=\u00a0\u00bbtext-wrapper\u00a0\u00bb][vc_column_text el_class=\u00a0\u00bbproject-title\u00a0\u00bb] DOM \u2013 R\u00e9habilitation des communs du presbyt\u00e8re de la Dominelais en salles associatives [\/vc_column_text][vc_empty_space][vc_column_text css=\u00a0\u00bb\u00a0\u00bb el_class=\u00a0\u00bbproject-description\u00a0\u00bb]Le c\u0153ur de bourg de la commune de la Dominelais&hellip;<\/p>\n","protected":false},"featured_media":2845,"parent":0,"menu_order":0,"comment_status":"closed","ping_status":"closed","template":"","tags":[],"class_list":["post-2326","portfolio","type-portfolio","status-publish","has-post-thumbnail","hentry"],"yoast_head":"<!-- This site is optimized with the Yoast SEO plugin v22.1 - https:\/\/yoast.com\/wordpress\/plugins\/seo\/ -->\n<title>R\u00e9habilitation d&#039;un ancien presbyt\u00e8re en salles associatives - Socle Atelier<\/title>\n<meta name=\"robots\" content=\"index, follow, max-snippet:-1, max-image-preview:large, max-video-preview:-1\" \/>\n<link rel=\"canonical\" href=\"https:\/\/socleatelier.fr\/?portfolio=dom-rehabilitation-des-communs-du-presbytere-en-salles-associatives\" \/>\n<meta property=\"og:locale\" content=\"fr_FR\" \/>\n<meta property=\"og:type\" content=\"article\" \/>\n<meta property=\"og:title\" content=\"R\u00e9habilitation d&#039;un ancien presbyt\u00e8re en salles associatives - Socle Atelier\" \/>\n<meta property=\"og:description\" content=\"[vc_row css=\u00a0\u00bb.vc_custom_1490788621627{margin-top: 80px !important;}\u00a0\u00bb][vc_column width=\u00a0\u00bb2\/3&Prime; el_class=\u00a0\u00bbimage-wrapper\u00a0\u00bb][vc_column_text el_class=\u00a0\u00bbmobile-project-title\u00a0\u00bb] DOM \u2013 R\u00e9habilitation des communs du presbyt\u00e8re de la Dominelais en salles associatives [\/vc_column_text][vc_gallery type=\u00a0\u00bbimage_grid\u00a0\u00bb images=\u00a0\u00bb2539,2415,2409,2799,2412,2794,2411,2414,2410,2793,2791,2792&Prime; img_size=\u00a0\u00bblarge\u00a0\u00bb css=\u00a0\u00bb\u00a0\u00bb el_class=\u00a0\u00bbimage-grid\u00a0\u00bb][\/vc_column][vc_column fixed=\u00a0\u00bbthb-fixed\u00a0\u00bb width=\u00a0\u00bb1\/3&Prime; el_class=\u00a0\u00bbtext-wrapper\u00a0\u00bb][vc_column_text el_class=\u00a0\u00bbproject-title\u00a0\u00bb] DOM \u2013 R\u00e9habilitation des communs du presbyt\u00e8re de la Dominelais en salles associatives [\/vc_column_text][vc_empty_space][vc_column_text css=\u00a0\u00bb\u00a0\u00bb el_class=\u00a0\u00bbproject-description\u00a0\u00bb]Le c\u0153ur de bourg de la commune de la Dominelais&hellip;\" \/>\n<meta property=\"og:url\" content=\"https:\/\/socleatelier.fr\/?portfolio=dom-rehabilitation-des-communs-du-presbytere-en-salles-associatives\" \/>\n<meta property=\"og:site_name\" content=\"Socle Atelier\" \/>\n<meta property=\"article:modified_time\" content=\"2026-03-19T11:05:19+00:00\" \/>\n<meta property=\"og:image\" content=\"https:\/\/socleatelier.fr\/wp-content\/uploads\/2024\/04\/DOM_00_vignette_atelier_socle_architecte_urbaniste_nantes.jpg\" \/>\n\t<meta property=\"og:image:width\" content=\"1080\" \/>\n\t<meta property=\"og:image:height\" content=\"1080\" \/>\n\t<meta property=\"og:image:type\" content=\"image\/jpeg\" \/>\n<meta name=\"twitter:card\" content=\"summary_large_image\" \/>\n<meta name=\"twitter:label1\" content=\"Dur\u00e9e de lecture estim\u00e9e\" \/>\n\t<meta name=\"twitter:data1\" content=\"2 minutes\" \/>\n<script type=\"application\/ld+json\" class=\"yoast-schema-graph\">{\"@context\":\"https:\/\/schema.org\",\"@graph\":[{\"@type\":\"WebPage\",\"@id\":\"https:\/\/socleatelier.fr\/?portfolio=dom-rehabilitation-des-communs-du-presbytere-en-salles-associatives\",\"url\":\"https:\/\/socleatelier.fr\/?portfolio=dom-rehabilitation-des-communs-du-presbytere-en-salles-associatives\",\"name\":\"R\u00e9habilitation d'un ancien presbyt\u00e8re en salles associatives - Socle Atelier\",\"isPartOf\":{\"@id\":\"https:\/\/socleatelier.fr\/#website\"},\"datePublished\":\"2024-04-26T13:40:09+00:00\",\"dateModified\":\"2026-03-19T11:05:19+00:00\",\"breadcrumb\":{\"@id\":\"https:\/\/socleatelier.fr\/?portfolio=dom-rehabilitation-des-communs-du-presbytere-en-salles-associatives#breadcrumb\"},\"inLanguage\":\"fr-FR\",\"potentialAction\":[{\"@type\":\"ReadAction\",\"target\":[\"https:\/\/socleatelier.fr\/?portfolio=dom-rehabilitation-des-communs-du-presbytere-en-salles-associatives\"]}]},{\"@type\":\"BreadcrumbList\",\"@id\":\"https:\/\/socleatelier.fr\/?portfolio=dom-rehabilitation-des-communs-du-presbytere-en-salles-associatives#breadcrumb\",\"itemListElement\":[{\"@type\":\"ListItem\",\"position\":1,\"name\":\"Accueil\",\"item\":\"https:\/\/socleatelier.fr\/\"},{\"@type\":\"ListItem\",\"position\":2,\"name\":\"R\u00e9habilitation d&rsquo;un ancien presbyt\u00e8re en salles associatives\"}]},{\"@type\":\"WebSite\",\"@id\":\"https:\/\/socleatelier.fr\/#website\",\"url\":\"https:\/\/socleatelier.fr\/\",\"name\":\"Socle Atelier\",\"description\":\"\",\"publisher\":{\"@id\":\"https:\/\/socleatelier.fr\/#organization\"},\"potentialAction\":[{\"@type\":\"SearchAction\",\"target\":{\"@type\":\"EntryPoint\",\"urlTemplate\":\"https:\/\/socleatelier.fr\/?s={search_term_string}\"},\"query-input\":\"required name=search_term_string\"}],\"inLanguage\":\"fr-FR\"},{\"@type\":\"Organization\",\"@id\":\"https:\/\/socleatelier.fr\/#organization\",\"name\":\"Socle Atelier\",\"url\":\"https:\/\/socleatelier.fr\/\",\"logo\":{\"@type\":\"ImageObject\",\"inLanguage\":\"fr-FR\",\"@id\":\"https:\/\/socleatelier.fr\/#\/schema\/logo\/image\/\",\"url\":\"https:\/\/socleatelier.fr\/wp-content\/uploads\/2023\/07\/logo-rond-nb.png\",\"contentUrl\":\"https:\/\/socleatelier.fr\/wp-content\/uploads\/2023\/07\/logo-rond-nb.png\",\"width\":386,\"height\":386,\"caption\":\"Socle Atelier\"},\"image\":{\"@id\":\"https:\/\/socleatelier.fr\/#\/schema\/logo\/image\/\"},\"sameAs\":[\"https:\/\/www.instagram.com\/socleatelier\/\",\"https:\/\/www.linkedin.com\/company\/103561550\/admin\/feed\/posts\/\"]}]}<\/script>\n<!-- \/ Yoast SEO plugin. -->","yoast_head_json":{"title":"R\u00e9habilitation d'un ancien presbyt\u00e8re en salles associatives - Socle Atelier","robots":{"index":"index","follow":"follow","max-snippet":"max-snippet:-1","max-image-preview":"max-image-preview:large","max-video-preview":"max-video-preview:-1"},"canonical":"https:\/\/socleatelier.fr\/?portfolio=dom-rehabilitation-des-communs-du-presbytere-en-salles-associatives","og_locale":"fr_FR","og_type":"article","og_title":"R\u00e9habilitation d'un ancien presbyt\u00e8re en salles associatives - Socle Atelier","og_description":"[vc_row css=\u00a0\u00bb.vc_custom_1490788621627{margin-top: 80px !important;}\u00a0\u00bb][vc_column width=\u00a0\u00bb2\/3&Prime; el_class=\u00a0\u00bbimage-wrapper\u00a0\u00bb][vc_column_text el_class=\u00a0\u00bbmobile-project-title\u00a0\u00bb] DOM \u2013 R\u00e9habilitation des communs du presbyt\u00e8re de la Dominelais en salles associatives [\/vc_column_text][vc_gallery type=\u00a0\u00bbimage_grid\u00a0\u00bb images=\u00a0\u00bb2539,2415,2409,2799,2412,2794,2411,2414,2410,2793,2791,2792&Prime; img_size=\u00a0\u00bblarge\u00a0\u00bb css=\u00a0\u00bb\u00a0\u00bb el_class=\u00a0\u00bbimage-grid\u00a0\u00bb][\/vc_column][vc_column fixed=\u00a0\u00bbthb-fixed\u00a0\u00bb width=\u00a0\u00bb1\/3&Prime; el_class=\u00a0\u00bbtext-wrapper\u00a0\u00bb][vc_column_text el_class=\u00a0\u00bbproject-title\u00a0\u00bb] DOM \u2013 R\u00e9habilitation des communs du presbyt\u00e8re de la Dominelais en salles associatives [\/vc_column_text][vc_empty_space][vc_column_text css=\u00a0\u00bb\u00a0\u00bb el_class=\u00a0\u00bbproject-description\u00a0\u00bb]Le c\u0153ur de bourg de la commune de la Dominelais&hellip;","og_url":"https:\/\/socleatelier.fr\/?portfolio=dom-rehabilitation-des-communs-du-presbytere-en-salles-associatives","og_site_name":"Socle Atelier","article_modified_time":"2026-03-19T11:05:19+00:00","og_image":[{"width":1080,"height":1080,"url":"https:\/\/socleatelier.fr\/wp-content\/uploads\/2024\/04\/DOM_00_vignette_atelier_socle_architecte_urbaniste_nantes.jpg","type":"image\/jpeg"}],"twitter_card":"summary_large_image","twitter_misc":{"Dur\u00e9e de lecture estim\u00e9e":"2 minutes"},"schema":{"@context":"https:\/\/schema.org","@graph":[{"@type":"WebPage","@id":"https:\/\/socleatelier.fr\/?portfolio=dom-rehabilitation-des-communs-du-presbytere-en-salles-associatives","url":"https:\/\/socleatelier.fr\/?portfolio=dom-rehabilitation-des-communs-du-presbytere-en-salles-associatives","name":"R\u00e9habilitation d'un ancien presbyt\u00e8re en salles associatives - Socle Atelier","isPartOf":{"@id":"https:\/\/socleatelier.fr\/#website"},"datePublished":"2024-04-26T13:40:09+00:00","dateModified":"2026-03-19T11:05:19+00:00","breadcrumb":{"@id":"https:\/\/socleatelier.fr\/?portfolio=dom-rehabilitation-des-communs-du-presbytere-en-salles-associatives#breadcrumb"},"inLanguage":"fr-FR","potentialAction":[{"@type":"ReadAction","target":["https:\/\/socleatelier.fr\/?portfolio=dom-rehabilitation-des-communs-du-presbytere-en-salles-associatives"]}]},{"@type":"BreadcrumbList","@id":"https:\/\/socleatelier.fr\/?portfolio=dom-rehabilitation-des-communs-du-presbytere-en-salles-associatives#breadcrumb","itemListElement":[{"@type":"ListItem","position":1,"name":"Accueil","item":"https:\/\/socleatelier.fr\/"},{"@type":"ListItem","position":2,"name":"R\u00e9habilitation d&rsquo;un ancien presbyt\u00e8re en salles associatives"}]},{"@type":"WebSite","@id":"https:\/\/socleatelier.fr\/#website","url":"https:\/\/socleatelier.fr\/","name":"Socle Atelier","description":"","publisher":{"@id":"https:\/\/socleatelier.fr\/#organization"},"potentialAction":[{"@type":"SearchAction","target":{"@type":"EntryPoint","urlTemplate":"https:\/\/socleatelier.fr\/?s={search_term_string}"},"query-input":"required name=search_term_string"}],"inLanguage":"fr-FR"},{"@type":"Organization","@id":"https:\/\/socleatelier.fr\/#organization","name":"Socle Atelier","url":"https:\/\/socleatelier.fr\/","logo":{"@type":"ImageObject","inLanguage":"fr-FR","@id":"https:\/\/socleatelier.fr\/#\/schema\/logo\/image\/","url":"https:\/\/socleatelier.fr\/wp-content\/uploads\/2023\/07\/logo-rond-nb.png","contentUrl":"https:\/\/socleatelier.fr\/wp-content\/uploads\/2023\/07\/logo-rond-nb.png","width":386,"height":386,"caption":"Socle Atelier"},"image":{"@id":"https:\/\/socleatelier.fr\/#\/schema\/logo\/image\/"},"sameAs":["https:\/\/www.instagram.com\/socleatelier\/","https:\/\/www.linkedin.com\/company\/103561550\/admin\/feed\/posts\/"]}]}},"_links":{"self":[{"href":"https:\/\/socleatelier.fr\/index.php?rest_route=\/wp\/v2\/portfolio\/2326","targetHints":{"allow":["GET"]}}],"collection":[{"href":"https:\/\/socleatelier.fr\/index.php?rest_route=\/wp\/v2\/portfolio"}],"about":[{"href":"https:\/\/socleatelier.fr\/index.php?rest_route=\/wp\/v2\/types\/portfolio"}],"replies":[{"embeddable":true,"href":"https:\/\/socleatelier.fr\/index.php?rest_route=%2Fwp%2Fv2%2Fcomments&post=2326"}],"version-history":[{"count":19,"href":"https:\/\/socleatelier.fr\/index.php?rest_route=\/wp\/v2\/portfolio\/2326\/revisions"}],"predecessor-version":[{"id":2920,"href":"https:\/\/socleatelier.fr\/index.php?rest_route=\/wp\/v2\/portfolio\/2326\/revisions\/2920"}],"wp:featuredmedia":[{"embeddable":true,"href":"https:\/\/socleatelier.fr\/index.php?rest_route=\/wp\/v2\/media\/2845"}],"wp:attachment":[{"href":"https:\/\/socleatelier.fr\/index.php?rest_route=%2Fwp%2Fv2%2Fmedia&parent=2326"}],"wp:term":[{"taxonomy":"post_tag","embeddable":true,"href":"https:\/\/socleatelier.fr\/index.php?rest_route=%2Fwp%2Fv2%2Ftags&post=2326"}],"curies":[{"name":"wp","href":"https:\/\/api.w.org\/{rel}","templated":true}]}}