{"id":2239,"date":"2024-04-26T10:59:07","date_gmt":"2024-04-26T08:59:07","guid":{"rendered":"https:\/\/socleatelier.fr\/?post_type=portfolio&#038;p=2239"},"modified":"2026-03-19T14:18:01","modified_gmt":"2026-03-19T13:18:01","slug":"residence-darchitecture-et-de-programmation-urbaine","status":"publish","type":"portfolio","link":"https:\/\/socleatelier.fr\/?portfolio=residence-darchitecture-et-de-programmation-urbaine","title":{"rendered":"R\u00e9sidence d&rsquo;architecture et de programmation urbaine"},"content":{"rendered":"<div class=\"wpb-content-wrapper\">[vc_row css=\u00a0\u00bb.vc_custom_1490788621627{margin-top: 80px !important;}\u00a0\u00bb][vc_column width=\u00a0\u00bb2\/3&Prime; el_class=\u00a0\u00bbimage-wrapper\u00a0\u00bb][vc_column_text el_class=\u00a0\u00bbmobile-project-title\u00a0\u00bb]\n<p class=\"p1\"><strong>BOU &#8211; R\u00e9sidence d&rsquo;architecture et de programmation urbaine<br \/>\n<\/strong><\/p>\n[\/vc_column_text][vc_gallery type=\u00a0\u00bbimage_grid\u00a0\u00bb images=\u00a0\u00bb2564,2441,2439,2445,2438,2444,2443,2446,2448,2442,2440&Prime; img_size=\u00a0\u00bblarge\u00a0\u00bb css=\u00a0\u00bb\u00a0\u00bb el_class=\u00a0\u00bbimage-grid\u00a0\u00bb][\/vc_column][vc_column fixed=\u00a0\u00bbthb-fixed\u00a0\u00bb width=\u00a0\u00bb1\/3&Prime; el_class=\u00a0\u00bbtext-wrapper\u00a0\u00bb][vc_column_text css=\u00a0\u00bb\u00a0\u00bb el_class=\u00a0\u00bbproject-title\u00a0\u00bb]\n<p class=\"p1\"><strong>BOU &#8211; R\u00e9sidence d&rsquo;architecture et de programmation urbaine<\/strong><\/p>\n[\/vc_column_text][vc_empty_space][vc_column_text css=\u00a0\u00bb\u00a0\u00bb el_class=\u00a0\u00bbproject-description\u00a0\u00bb]Port\u00e9e par la commune de Bournezeau et le CAUE de Vend\u00e9e (Conseil en Architecture, Urbanisme et Environnement), la r\u00e9sidence d&rsquo;architecture et de paysage est un temps privil\u00e9gi\u00e9 d&rsquo;\u00e9changes entre habitants, architectes paysagistes et \u00e9lus pour r\u00e9fl\u00e9chir au devenir du centre-bourg. En effet, l&rsquo;\u00e9quipe municipale souhaite r\u00e9fl\u00e9chir, se projeter demain par la cr\u00e9ation d&rsquo;un centre-bourg convivial, attractif et en lien avec les zones d&rsquo;habitats via ses sentes douces qui mettent en valeur ses cours d&rsquo;eau et son patrimoine rural.<\/p>\n<p>Implant\u00e9e dans le bocage sud-vende\u0301en, la commune de Bournezeau et ses habitants be\u0301ne\u0301ficient d\u2019un rapport direct a\u0300 un paysage agricole. En paralle\u0300le, le Vende\u0301opo\u0302le s\u2019est de\u0301veloppe\u0301 en lisie\u0300re de la commune, a\u0300 proximite\u0301 de l\u2019autoroute, confe\u0301rant au paysage d\u2019entre\u0301e de bourg un aspect \u00ab high-tech \u00bb a\u0300 la vue de ces nombreux panneaux solaires et ba\u0302timents d\u2019activite\u0301s e\u0301conomiques. Au-dela\u0300 de la ville ge\u0301ne\u0301rique et des mode\u0300les urbains reproductibles, il s\u2019agira de de\u0301finir les contours de la singularite\u0301 d\u2019un village. Quel re\u0301cit pour le futur centre-bourg de Bournezeau ?<\/p>\n<p>La r\u00e9sidence sur site de l&rsquo;\u00e9quipe permet la mise en place d&rsquo;une programmation active de proximit\u00e9 dans une logique de \u00ab\u00a0faire avec\u00a0\u00bb : faire avec les gens, faire avec l&rsquo;existant, faire avec les initiatives priv\u00e9es au service du bien commun. Le travail s&rsquo;inscrit dans une continuit\u00e9 des projets de la commune avec pour objectif d&rsquo;obtenir des r\u00e9ponses m\u00ealant les besoins des habitants et les perspectives de la commune, tout cela dans un contecte de sobri\u00e9t\u00e9 de moyens et d&rsquo;usages (\u00e9cologiques et sociaux).<br \/>\n[\/vc_column_text][vc_empty_space][vc_column_text css=\u00a0\u00bb\u00a0\u00bb el_class=\u00a0\u00bbproject-details\u00a0\u00bb]\n<p class=\"p1\"><b>Lieu : <\/b>Bournezeau (85)<br \/>\n<b>Ma\u00eetrise d&rsquo;ouvrage : <\/b>commune de Bournezeau<br \/>\n<b>Equipe\u00a0: <\/b>atelier socle + <a href=\"https:\/\/matricepaysage.fr\/\">matrice paysage<\/a><br \/>\n<b>Mission\u00a0: <\/b>r\u00e9sidence d&rsquo;architecture et de programmation urbaine<b><br \/>\nCalendrier :<\/b> 2023-2024<\/p>\n[\/vc_column_text][vc_empty_space height=\u00a0\u00bb50px\u00a0\u00bb][\/vc_column][vc_column][\/vc_column][\/vc_row]\n<\/div>","protected":false},"excerpt":{"rendered":"<p>[vc_row css=\u00a0\u00bb.vc_custom_1490788621627{margin-top: 80px !important;}\u00a0\u00bb][vc_column width=\u00a0\u00bb2\/3&Prime; el_class=\u00a0\u00bbimage-wrapper\u00a0\u00bb][vc_column_text el_class=\u00a0\u00bbmobile-project-title\u00a0\u00bb] BOU &#8211; R\u00e9sidence d&rsquo;architecture et de programmation urbaine [\/vc_column_text][vc_gallery type=\u00a0\u00bbimage_grid\u00a0\u00bb images=\u00a0\u00bb2564,2441,2439,2445,2438,2444,2443,2446,2448,2442,2440&Prime; img_size=\u00a0\u00bblarge\u00a0\u00bb css=\u00a0\u00bb\u00a0\u00bb el_class=\u00a0\u00bbimage-grid\u00a0\u00bb][\/vc_column][vc_column fixed=\u00a0\u00bbthb-fixed\u00a0\u00bb width=\u00a0\u00bb1\/3&Prime; el_class=\u00a0\u00bbtext-wrapper\u00a0\u00bb][vc_column_text css=\u00a0\u00bb\u00a0\u00bb el_class=\u00a0\u00bbproject-title\u00a0\u00bb] BOU &#8211; R\u00e9sidence d&rsquo;architecture et de programmation urbaine [\/vc_column_text][vc_empty_space][vc_column_text css=\u00a0\u00bb\u00a0\u00bb el_class=\u00a0\u00bbproject-description\u00a0\u00bb]Port\u00e9e par la commune de Bournezeau et le CAUE de Vend\u00e9e (Conseil en Architecture, Urbanisme et Environnement), la r\u00e9sidence&hellip;<\/p>\n","protected":false},"featured_media":2389,"parent":0,"menu_order":0,"comment_status":"closed","ping_status":"closed","template":"","tags":[],"class_list":["post-2239","portfolio","type-portfolio","status-publish","has-post-thumbnail","hentry"],"yoast_head":"<!-- This site is optimized with the Yoast SEO plugin v22.1 - https:\/\/yoast.com\/wordpress\/plugins\/seo\/ -->\n<title>R\u00e9sidence d&#039;architecture et de programmation urbaine - Socle Atelier<\/title>\n<meta name=\"robots\" content=\"index, follow, max-snippet:-1, max-image-preview:large, max-video-preview:-1\" \/>\n<link rel=\"canonical\" href=\"https:\/\/socleatelier.fr\/?portfolio=residence-darchitecture-et-de-programmation-urbaine\" \/>\n<meta property=\"og:locale\" content=\"fr_FR\" \/>\n<meta property=\"og:type\" content=\"article\" \/>\n<meta property=\"og:title\" content=\"R\u00e9sidence d&#039;architecture et de programmation urbaine - Socle Atelier\" \/>\n<meta property=\"og:description\" content=\"[vc_row css=\u00a0\u00bb.vc_custom_1490788621627{margin-top: 80px !important;}\u00a0\u00bb][vc_column width=\u00a0\u00bb2\/3&Prime; el_class=\u00a0\u00bbimage-wrapper\u00a0\u00bb][vc_column_text el_class=\u00a0\u00bbmobile-project-title\u00a0\u00bb] BOU &#8211; R\u00e9sidence d&rsquo;architecture et de programmation urbaine [\/vc_column_text][vc_gallery type=\u00a0\u00bbimage_grid\u00a0\u00bb images=\u00a0\u00bb2564,2441,2439,2445,2438,2444,2443,2446,2448,2442,2440&Prime; img_size=\u00a0\u00bblarge\u00a0\u00bb css=\u00a0\u00bb\u00a0\u00bb el_class=\u00a0\u00bbimage-grid\u00a0\u00bb][\/vc_column][vc_column fixed=\u00a0\u00bbthb-fixed\u00a0\u00bb width=\u00a0\u00bb1\/3&Prime; el_class=\u00a0\u00bbtext-wrapper\u00a0\u00bb][vc_column_text css=\u00a0\u00bb\u00a0\u00bb el_class=\u00a0\u00bbproject-title\u00a0\u00bb] BOU &#8211; R\u00e9sidence d&rsquo;architecture et de programmation urbaine [\/vc_column_text][vc_empty_space][vc_column_text css=\u00a0\u00bb\u00a0\u00bb el_class=\u00a0\u00bbproject-description\u00a0\u00bb]Port\u00e9e par la commune de Bournezeau et le CAUE de Vend\u00e9e (Conseil en Architecture, Urbanisme et Environnement), la r\u00e9sidence&hellip;\" \/>\n<meta property=\"og:url\" content=\"https:\/\/socleatelier.fr\/?portfolio=residence-darchitecture-et-de-programmation-urbaine\" \/>\n<meta property=\"og:site_name\" content=\"Socle Atelier\" \/>\n<meta property=\"article:modified_time\" content=\"2026-03-19T13:18:01+00:00\" \/>\n<meta property=\"og:image\" content=\"https:\/\/socleatelier.fr\/wp-content\/uploads\/2024\/04\/43_socle_BOU-scaled.jpg\" \/>\n\t<meta property=\"og:image:width\" content=\"2560\" \/>\n\t<meta property=\"og:image:height\" content=\"2560\" \/>\n\t<meta property=\"og:image:type\" content=\"image\/jpeg\" \/>\n<meta name=\"twitter:card\" content=\"summary_large_image\" \/>\n<meta name=\"twitter:label1\" content=\"Dur\u00e9e de lecture estim\u00e9e\" \/>\n\t<meta name=\"twitter:data1\" content=\"4 minutes\" \/>\n<script type=\"application\/ld+json\" class=\"yoast-schema-graph\">{\"@context\":\"https:\/\/schema.org\",\"@graph\":[{\"@type\":\"WebPage\",\"@id\":\"https:\/\/socleatelier.fr\/?portfolio=residence-darchitecture-et-de-programmation-urbaine\",\"url\":\"https:\/\/socleatelier.fr\/?portfolio=residence-darchitecture-et-de-programmation-urbaine\",\"name\":\"R\u00e9sidence d'architecture et de programmation urbaine - Socle Atelier\",\"isPartOf\":{\"@id\":\"https:\/\/socleatelier.fr\/#website\"},\"datePublished\":\"2024-04-26T08:59:07+00:00\",\"dateModified\":\"2026-03-19T13:18:01+00:00\",\"breadcrumb\":{\"@id\":\"https:\/\/socleatelier.fr\/?portfolio=residence-darchitecture-et-de-programmation-urbaine#breadcrumb\"},\"inLanguage\":\"fr-FR\",\"potentialAction\":[{\"@type\":\"ReadAction\",\"target\":[\"https:\/\/socleatelier.fr\/?portfolio=residence-darchitecture-et-de-programmation-urbaine\"]}]},{\"@type\":\"BreadcrumbList\",\"@id\":\"https:\/\/socleatelier.fr\/?portfolio=residence-darchitecture-et-de-programmation-urbaine#breadcrumb\",\"itemListElement\":[{\"@type\":\"ListItem\",\"position\":1,\"name\":\"Accueil\",\"item\":\"https:\/\/socleatelier.fr\/\"},{\"@type\":\"ListItem\",\"position\":2,\"name\":\"R\u00e9sidence d&rsquo;architecture et de programmation urbaine\"}]},{\"@type\":\"WebSite\",\"@id\":\"https:\/\/socleatelier.fr\/#website\",\"url\":\"https:\/\/socleatelier.fr\/\",\"name\":\"Socle Atelier\",\"description\":\"\",\"publisher\":{\"@id\":\"https:\/\/socleatelier.fr\/#organization\"},\"potentialAction\":[{\"@type\":\"SearchAction\",\"target\":{\"@type\":\"EntryPoint\",\"urlTemplate\":\"https:\/\/socleatelier.fr\/?s={search_term_string}\"},\"query-input\":\"required name=search_term_string\"}],\"inLanguage\":\"fr-FR\"},{\"@type\":\"Organization\",\"@id\":\"https:\/\/socleatelier.fr\/#organization\",\"name\":\"Socle Atelier\",\"url\":\"https:\/\/socleatelier.fr\/\",\"logo\":{\"@type\":\"ImageObject\",\"inLanguage\":\"fr-FR\",\"@id\":\"https:\/\/socleatelier.fr\/#\/schema\/logo\/image\/\",\"url\":\"https:\/\/socleatelier.fr\/wp-content\/uploads\/2023\/07\/logo-rond-nb.png\",\"contentUrl\":\"https:\/\/socleatelier.fr\/wp-content\/uploads\/2023\/07\/logo-rond-nb.png\",\"width\":386,\"height\":386,\"caption\":\"Socle Atelier\"},\"image\":{\"@id\":\"https:\/\/socleatelier.fr\/#\/schema\/logo\/image\/\"},\"sameAs\":[\"https:\/\/www.instagram.com\/socleatelier\/\",\"https:\/\/www.linkedin.com\/company\/103561550\/admin\/feed\/posts\/\"]}]}<\/script>\n<!-- \/ Yoast SEO plugin. -->","yoast_head_json":{"title":"R\u00e9sidence d'architecture et de programmation urbaine - Socle Atelier","robots":{"index":"index","follow":"follow","max-snippet":"max-snippet:-1","max-image-preview":"max-image-preview:large","max-video-preview":"max-video-preview:-1"},"canonical":"https:\/\/socleatelier.fr\/?portfolio=residence-darchitecture-et-de-programmation-urbaine","og_locale":"fr_FR","og_type":"article","og_title":"R\u00e9sidence d'architecture et de programmation urbaine - Socle Atelier","og_description":"[vc_row css=\u00a0\u00bb.vc_custom_1490788621627{margin-top: 80px !important;}\u00a0\u00bb][vc_column width=\u00a0\u00bb2\/3&Prime; el_class=\u00a0\u00bbimage-wrapper\u00a0\u00bb][vc_column_text el_class=\u00a0\u00bbmobile-project-title\u00a0\u00bb] BOU &#8211; R\u00e9sidence d&rsquo;architecture et de programmation urbaine [\/vc_column_text][vc_gallery type=\u00a0\u00bbimage_grid\u00a0\u00bb images=\u00a0\u00bb2564,2441,2439,2445,2438,2444,2443,2446,2448,2442,2440&Prime; img_size=\u00a0\u00bblarge\u00a0\u00bb css=\u00a0\u00bb\u00a0\u00bb el_class=\u00a0\u00bbimage-grid\u00a0\u00bb][\/vc_column][vc_column fixed=\u00a0\u00bbthb-fixed\u00a0\u00bb width=\u00a0\u00bb1\/3&Prime; el_class=\u00a0\u00bbtext-wrapper\u00a0\u00bb][vc_column_text css=\u00a0\u00bb\u00a0\u00bb el_class=\u00a0\u00bbproject-title\u00a0\u00bb] BOU &#8211; R\u00e9sidence d&rsquo;architecture et de programmation urbaine [\/vc_column_text][vc_empty_space][vc_column_text css=\u00a0\u00bb\u00a0\u00bb el_class=\u00a0\u00bbproject-description\u00a0\u00bb]Port\u00e9e par la commune de Bournezeau et le CAUE de Vend\u00e9e (Conseil en Architecture, Urbanisme et Environnement), la r\u00e9sidence&hellip;","og_url":"https:\/\/socleatelier.fr\/?portfolio=residence-darchitecture-et-de-programmation-urbaine","og_site_name":"Socle Atelier","article_modified_time":"2026-03-19T13:18:01+00:00","og_image":[{"width":2560,"height":2560,"url":"https:\/\/socleatelier.fr\/wp-content\/uploads\/2024\/04\/43_socle_BOU-scaled.jpg","type":"image\/jpeg"}],"twitter_card":"summary_large_image","twitter_misc":{"Dur\u00e9e de lecture estim\u00e9e":"4 minutes"},"schema":{"@context":"https:\/\/schema.org","@graph":[{"@type":"WebPage","@id":"https:\/\/socleatelier.fr\/?portfolio=residence-darchitecture-et-de-programmation-urbaine","url":"https:\/\/socleatelier.fr\/?portfolio=residence-darchitecture-et-de-programmation-urbaine","name":"R\u00e9sidence d'architecture et de programmation urbaine - Socle Atelier","isPartOf":{"@id":"https:\/\/socleatelier.fr\/#website"},"datePublished":"2024-04-26T08:59:07+00:00","dateModified":"2026-03-19T13:18:01+00:00","breadcrumb":{"@id":"https:\/\/socleatelier.fr\/?portfolio=residence-darchitecture-et-de-programmation-urbaine#breadcrumb"},"inLanguage":"fr-FR","potentialAction":[{"@type":"ReadAction","target":["https:\/\/socleatelier.fr\/?portfolio=residence-darchitecture-et-de-programmation-urbaine"]}]},{"@type":"BreadcrumbList","@id":"https:\/\/socleatelier.fr\/?portfolio=residence-darchitecture-et-de-programmation-urbaine#breadcrumb","itemListElement":[{"@type":"ListItem","position":1,"name":"Accueil","item":"https:\/\/socleatelier.fr\/"},{"@type":"ListItem","position":2,"name":"R\u00e9sidence d&rsquo;architecture et de programmation urbaine"}]},{"@type":"WebSite","@id":"https:\/\/socleatelier.fr\/#website","url":"https:\/\/socleatelier.fr\/","name":"Socle Atelier","description":"","publisher":{"@id":"https:\/\/socleatelier.fr\/#organization"},"potentialAction":[{"@type":"SearchAction","target":{"@type":"EntryPoint","urlTemplate":"https:\/\/socleatelier.fr\/?s={search_term_string}"},"query-input":"required name=search_term_string"}],"inLanguage":"fr-FR"},{"@type":"Organization","@id":"https:\/\/socleatelier.fr\/#organization","name":"Socle Atelier","url":"https:\/\/socleatelier.fr\/","logo":{"@type":"ImageObject","inLanguage":"fr-FR","@id":"https:\/\/socleatelier.fr\/#\/schema\/logo\/image\/","url":"https:\/\/socleatelier.fr\/wp-content\/uploads\/2023\/07\/logo-rond-nb.png","contentUrl":"https:\/\/socleatelier.fr\/wp-content\/uploads\/2023\/07\/logo-rond-nb.png","width":386,"height":386,"caption":"Socle Atelier"},"image":{"@id":"https:\/\/socleatelier.fr\/#\/schema\/logo\/image\/"},"sameAs":["https:\/\/www.instagram.com\/socleatelier\/","https:\/\/www.linkedin.com\/company\/103561550\/admin\/feed\/posts\/"]}]}},"_links":{"self":[{"href":"https:\/\/socleatelier.fr\/index.php?rest_route=\/wp\/v2\/portfolio\/2239","targetHints":{"allow":["GET"]}}],"collection":[{"href":"https:\/\/socleatelier.fr\/index.php?rest_route=\/wp\/v2\/portfolio"}],"about":[{"href":"https:\/\/socleatelier.fr\/index.php?rest_route=\/wp\/v2\/types\/portfolio"}],"replies":[{"embeddable":true,"href":"https:\/\/socleatelier.fr\/index.php?rest_route=%2Fwp%2Fv2%2Fcomments&post=2239"}],"version-history":[{"count":15,"href":"https:\/\/socleatelier.fr\/index.php?rest_route=\/wp\/v2\/portfolio\/2239\/revisions"}],"predecessor-version":[{"id":2937,"href":"https:\/\/socleatelier.fr\/index.php?rest_route=\/wp\/v2\/portfolio\/2239\/revisions\/2937"}],"wp:featuredmedia":[{"embeddable":true,"href":"https:\/\/socleatelier.fr\/index.php?rest_route=\/wp\/v2\/media\/2389"}],"wp:attachment":[{"href":"https:\/\/socleatelier.fr\/index.php?rest_route=%2Fwp%2Fv2%2Fmedia&parent=2239"}],"wp:term":[{"taxonomy":"post_tag","embeddable":true,"href":"https:\/\/socleatelier.fr\/index.php?rest_route=%2Fwp%2Fv2%2Ftags&post=2239"}],"curies":[{"name":"wp","href":"https:\/\/api.w.org\/{rel}","templated":true}]}}