{"id":2107,"date":"2024-04-26T11:03:06","date_gmt":"2024-04-26T09:03:06","guid":{"rendered":"https:\/\/socleatelier.fr\/?post_type=portfolio&#038;p=2107"},"modified":"2026-03-19T12:41:31","modified_gmt":"2026-03-19T11:41:31","slug":"renovation-interieure-dun-appartement-issu-du-patrimoine-de-la-reconstruction","status":"publish","type":"portfolio","link":"https:\/\/socleatelier.fr\/?portfolio=renovation-interieure-dun-appartement-issu-du-patrimoine-de-la-reconstruction","title":{"rendered":"R\u00e9novation d\u2019un appartement issu de la Reconstruction"},"content":{"rendered":"<div class=\"wpb-content-wrapper\">[vc_row css=\u00a0\u00bb.vc_custom_1490788621627{margin-top: 80px !important;}\u00a0\u00bb][vc_column width=\u00a0\u00bb2\/3&Prime; el_class=\u00a0\u00bbimage-wrapper\u00a0\u00bb][vc_column_text css=\u00a0\u00bb\u00a0\u00bb el_class=\u00a0\u00bbmobile-project-title\u00a0\u00bb]\n<p class=\"p1\"><strong>BOI &#8211; R\u00e9novation d&rsquo;un appartement issu de la Reconstruction<br \/>\n<\/strong><\/p>\n[\/vc_column_text][vc_gallery type=\u00a0\u00bbimage_grid\u00a0\u00bb images=\u00a0\u00bb2568,2108,2117,2111,2110,2112,2109&Prime; img_size=\u00a0\u00bblarge\u00a0\u00bb css=\u00a0\u00bb\u00a0\u00bb el_class=\u00a0\u00bbimage-grid\u00a0\u00bb][\/vc_column][vc_column fixed=\u00a0\u00bbthb-fixed\u00a0\u00bb width=\u00a0\u00bb1\/3&Prime; el_class=\u00a0\u00bbtext-wrapper\u00a0\u00bb][vc_column_text css=\u00a0\u00bb\u00a0\u00bb el_class=\u00a0\u00bbproject-title\u00a0\u00bb]\n<p class=\"p1\"><strong>BOI &#8211; R\u00e9novation d&rsquo;un appartement de la Reconstruction<br \/>\n<\/strong><\/p>\n[\/vc_column_text][vc_empty_space][vc_column_text el_class=\u00a0\u00bbproject-description\u00a0\u00bb]Le projet porte sur la r\u00e9novation compl\u00e8te d&rsquo;un appartement issu du patrimoine de la Reconstruction nantais. Le b\u00e2timent d&rsquo;origine, dessin\u00e9 par l&rsquo;architecte Roux-Spitz, offre des ouvertures tr\u00e8s g\u00e9n\u00e9reuses sur le panorama de la ville. La r\u00e9novation de l&rsquo;appartement donne l&rsquo;opportunit\u00e9 de modifier le cloisonnement int\u00e9rieur et de cr\u00e9er du mobilier sur-mesure en bouleau pour d\u00e9limiter de nouveaux usages tout en travaillant \u00e0 concevoir un volume int\u00e9rieur tr\u00e8s ouvert.<\/p>\n[\/vc_column_text][vc_empty_space][vc_column_text css=\u00a0\u00bb\u00a0\u00bb el_class=\u00a0\u00bbproject-details\u00a0\u00bb]\n<p class=\"p1\"><b>Lieu : <\/b>Nantes (44)<b><br \/>\nMa\u00eetrise d&rsquo;ouvrage : <\/b>priv\u00e9e<br \/>\n<b>Equipe\u00a0: <\/b>atelier socle<br \/>\n<b>Mission\u00a0: <\/b>compl\u00e8te<br \/>\n<b>Calendrier : <\/b>projet livr\u00e9 en 2019<br \/>\n<b>Montant travaux\u00a0: <\/b>30 000 \u20ac HT<br \/>\n<b>Surface\u00a0:<\/b> 62 m2<\/p>\n[\/vc_column_text][vc_empty_space height=\u00a0\u00bb50px\u00a0\u00bb][\/vc_column][vc_column][\/vc_column][\/vc_row]\n<\/div>","protected":false},"excerpt":{"rendered":"<p>[vc_row css=\u00a0\u00bb.vc_custom_1490788621627{margin-top: 80px !important;}\u00a0\u00bb][vc_column width=\u00a0\u00bb2\/3&Prime; el_class=\u00a0\u00bbimage-wrapper\u00a0\u00bb][vc_column_text css=\u00a0\u00bb\u00a0\u00bb el_class=\u00a0\u00bbmobile-project-title\u00a0\u00bb] BOI &#8211; R\u00e9novation d&rsquo;un appartement issu de la Reconstruction [\/vc_column_text][vc_gallery type=\u00a0\u00bbimage_grid\u00a0\u00bb images=\u00a0\u00bb2568,2108,2117,2111,2110,2112,2109&Prime; img_size=\u00a0\u00bblarge\u00a0\u00bb css=\u00a0\u00bb\u00a0\u00bb el_class=\u00a0\u00bbimage-grid\u00a0\u00bb][\/vc_column][vc_column fixed=\u00a0\u00bbthb-fixed\u00a0\u00bb width=\u00a0\u00bb1\/3&Prime; el_class=\u00a0\u00bbtext-wrapper\u00a0\u00bb][vc_column_text css=\u00a0\u00bb\u00a0\u00bb el_class=\u00a0\u00bbproject-title\u00a0\u00bb] BOI &#8211; R\u00e9novation d&rsquo;un appartement de la Reconstruction [\/vc_column_text][vc_empty_space][vc_column_text el_class=\u00a0\u00bbproject-description\u00a0\u00bb]Le projet porte sur la r\u00e9novation compl\u00e8te d&rsquo;un appartement issu du patrimoine de la Reconstruction nantais. Le b\u00e2timent&hellip;<\/p>\n","protected":false},"featured_media":2114,"parent":0,"menu_order":0,"comment_status":"closed","ping_status":"closed","template":"","tags":[],"class_list":["post-2107","portfolio","type-portfolio","status-publish","has-post-thumbnail","hentry"],"yoast_head":"<!-- This site is optimized with the Yoast SEO plugin v22.1 - https:\/\/yoast.com\/wordpress\/plugins\/seo\/ -->\n<title>R\u00e9novation d\u2019un appartement issu de la Reconstruction - Socle Atelier<\/title>\n<meta name=\"robots\" content=\"index, follow, max-snippet:-1, max-image-preview:large, max-video-preview:-1\" \/>\n<link rel=\"canonical\" href=\"https:\/\/socleatelier.fr\/?portfolio=renovation-interieure-dun-appartement-issu-du-patrimoine-de-la-reconstruction\" \/>\n<meta property=\"og:locale\" content=\"fr_FR\" \/>\n<meta property=\"og:type\" content=\"article\" \/>\n<meta property=\"og:title\" content=\"R\u00e9novation d\u2019un appartement issu de la Reconstruction - Socle Atelier\" \/>\n<meta property=\"og:description\" content=\"[vc_row css=\u00a0\u00bb.vc_custom_1490788621627{margin-top: 80px !important;}\u00a0\u00bb][vc_column width=\u00a0\u00bb2\/3&Prime; el_class=\u00a0\u00bbimage-wrapper\u00a0\u00bb][vc_column_text css=\u00a0\u00bb\u00a0\u00bb el_class=\u00a0\u00bbmobile-project-title\u00a0\u00bb] BOI &#8211; R\u00e9novation d&rsquo;un appartement issu de la Reconstruction [\/vc_column_text][vc_gallery type=\u00a0\u00bbimage_grid\u00a0\u00bb images=\u00a0\u00bb2568,2108,2117,2111,2110,2112,2109&Prime; img_size=\u00a0\u00bblarge\u00a0\u00bb css=\u00a0\u00bb\u00a0\u00bb el_class=\u00a0\u00bbimage-grid\u00a0\u00bb][\/vc_column][vc_column fixed=\u00a0\u00bbthb-fixed\u00a0\u00bb width=\u00a0\u00bb1\/3&Prime; el_class=\u00a0\u00bbtext-wrapper\u00a0\u00bb][vc_column_text css=\u00a0\u00bb\u00a0\u00bb el_class=\u00a0\u00bbproject-title\u00a0\u00bb] BOI &#8211; R\u00e9novation d&rsquo;un appartement de la Reconstruction [\/vc_column_text][vc_empty_space][vc_column_text el_class=\u00a0\u00bbproject-description\u00a0\u00bb]Le projet porte sur la r\u00e9novation compl\u00e8te d&rsquo;un appartement issu du patrimoine de la Reconstruction nantais. Le b\u00e2timent&hellip;\" \/>\n<meta property=\"og:url\" content=\"https:\/\/socleatelier.fr\/?portfolio=renovation-interieure-dun-appartement-issu-du-patrimoine-de-la-reconstruction\" \/>\n<meta property=\"og:site_name\" content=\"Socle Atelier\" \/>\n<meta property=\"article:modified_time\" content=\"2026-03-19T11:41:31+00:00\" \/>\n<meta property=\"og:image\" content=\"https:\/\/socleatelier.fr\/wp-content\/uploads\/2023\/09\/BOI_vignette-scaled.jpg\" \/>\n\t<meta property=\"og:image:width\" content=\"2560\" \/>\n\t<meta property=\"og:image:height\" content=\"2560\" \/>\n\t<meta property=\"og:image:type\" content=\"image\/jpeg\" \/>\n<meta name=\"twitter:card\" content=\"summary_large_image\" \/>\n<meta name=\"twitter:label1\" content=\"Dur\u00e9e de lecture estim\u00e9e\" \/>\n\t<meta name=\"twitter:data1\" content=\"1 minute\" \/>\n<script type=\"application\/ld+json\" class=\"yoast-schema-graph\">{\"@context\":\"https:\/\/schema.org\",\"@graph\":[{\"@type\":\"WebPage\",\"@id\":\"https:\/\/socleatelier.fr\/?portfolio=renovation-interieure-dun-appartement-issu-du-patrimoine-de-la-reconstruction\",\"url\":\"https:\/\/socleatelier.fr\/?portfolio=renovation-interieure-dun-appartement-issu-du-patrimoine-de-la-reconstruction\",\"name\":\"R\u00e9novation d\u2019un appartement issu de la Reconstruction - Socle Atelier\",\"isPartOf\":{\"@id\":\"https:\/\/socleatelier.fr\/#website\"},\"datePublished\":\"2024-04-26T09:03:06+00:00\",\"dateModified\":\"2026-03-19T11:41:31+00:00\",\"breadcrumb\":{\"@id\":\"https:\/\/socleatelier.fr\/?portfolio=renovation-interieure-dun-appartement-issu-du-patrimoine-de-la-reconstruction#breadcrumb\"},\"inLanguage\":\"fr-FR\",\"potentialAction\":[{\"@type\":\"ReadAction\",\"target\":[\"https:\/\/socleatelier.fr\/?portfolio=renovation-interieure-dun-appartement-issu-du-patrimoine-de-la-reconstruction\"]}]},{\"@type\":\"BreadcrumbList\",\"@id\":\"https:\/\/socleatelier.fr\/?portfolio=renovation-interieure-dun-appartement-issu-du-patrimoine-de-la-reconstruction#breadcrumb\",\"itemListElement\":[{\"@type\":\"ListItem\",\"position\":1,\"name\":\"Accueil\",\"item\":\"https:\/\/socleatelier.fr\/\"},{\"@type\":\"ListItem\",\"position\":2,\"name\":\"R\u00e9novation d\u2019un appartement issu de la Reconstruction\"}]},{\"@type\":\"WebSite\",\"@id\":\"https:\/\/socleatelier.fr\/#website\",\"url\":\"https:\/\/socleatelier.fr\/\",\"name\":\"Socle Atelier\",\"description\":\"\",\"publisher\":{\"@id\":\"https:\/\/socleatelier.fr\/#organization\"},\"potentialAction\":[{\"@type\":\"SearchAction\",\"target\":{\"@type\":\"EntryPoint\",\"urlTemplate\":\"https:\/\/socleatelier.fr\/?s={search_term_string}\"},\"query-input\":\"required name=search_term_string\"}],\"inLanguage\":\"fr-FR\"},{\"@type\":\"Organization\",\"@id\":\"https:\/\/socleatelier.fr\/#organization\",\"name\":\"Socle Atelier\",\"url\":\"https:\/\/socleatelier.fr\/\",\"logo\":{\"@type\":\"ImageObject\",\"inLanguage\":\"fr-FR\",\"@id\":\"https:\/\/socleatelier.fr\/#\/schema\/logo\/image\/\",\"url\":\"https:\/\/socleatelier.fr\/wp-content\/uploads\/2023\/07\/logo-rond-nb.png\",\"contentUrl\":\"https:\/\/socleatelier.fr\/wp-content\/uploads\/2023\/07\/logo-rond-nb.png\",\"width\":386,\"height\":386,\"caption\":\"Socle Atelier\"},\"image\":{\"@id\":\"https:\/\/socleatelier.fr\/#\/schema\/logo\/image\/\"},\"sameAs\":[\"https:\/\/www.instagram.com\/socleatelier\/\",\"https:\/\/www.linkedin.com\/company\/103561550\/admin\/feed\/posts\/\"]}]}<\/script>\n<!-- \/ Yoast SEO plugin. -->","yoast_head_json":{"title":"R\u00e9novation d\u2019un appartement issu de la Reconstruction - Socle Atelier","robots":{"index":"index","follow":"follow","max-snippet":"max-snippet:-1","max-image-preview":"max-image-preview:large","max-video-preview":"max-video-preview:-1"},"canonical":"https:\/\/socleatelier.fr\/?portfolio=renovation-interieure-dun-appartement-issu-du-patrimoine-de-la-reconstruction","og_locale":"fr_FR","og_type":"article","og_title":"R\u00e9novation d\u2019un appartement issu de la Reconstruction - Socle Atelier","og_description":"[vc_row css=\u00a0\u00bb.vc_custom_1490788621627{margin-top: 80px !important;}\u00a0\u00bb][vc_column width=\u00a0\u00bb2\/3&Prime; el_class=\u00a0\u00bbimage-wrapper\u00a0\u00bb][vc_column_text css=\u00a0\u00bb\u00a0\u00bb el_class=\u00a0\u00bbmobile-project-title\u00a0\u00bb] BOI &#8211; R\u00e9novation d&rsquo;un appartement issu de la Reconstruction [\/vc_column_text][vc_gallery type=\u00a0\u00bbimage_grid\u00a0\u00bb images=\u00a0\u00bb2568,2108,2117,2111,2110,2112,2109&Prime; img_size=\u00a0\u00bblarge\u00a0\u00bb css=\u00a0\u00bb\u00a0\u00bb el_class=\u00a0\u00bbimage-grid\u00a0\u00bb][\/vc_column][vc_column fixed=\u00a0\u00bbthb-fixed\u00a0\u00bb width=\u00a0\u00bb1\/3&Prime; el_class=\u00a0\u00bbtext-wrapper\u00a0\u00bb][vc_column_text css=\u00a0\u00bb\u00a0\u00bb el_class=\u00a0\u00bbproject-title\u00a0\u00bb] BOI &#8211; R\u00e9novation d&rsquo;un appartement de la Reconstruction [\/vc_column_text][vc_empty_space][vc_column_text el_class=\u00a0\u00bbproject-description\u00a0\u00bb]Le projet porte sur la r\u00e9novation compl\u00e8te d&rsquo;un appartement issu du patrimoine de la Reconstruction nantais. Le b\u00e2timent&hellip;","og_url":"https:\/\/socleatelier.fr\/?portfolio=renovation-interieure-dun-appartement-issu-du-patrimoine-de-la-reconstruction","og_site_name":"Socle Atelier","article_modified_time":"2026-03-19T11:41:31+00:00","og_image":[{"width":2560,"height":2560,"url":"https:\/\/socleatelier.fr\/wp-content\/uploads\/2023\/09\/BOI_vignette-scaled.jpg","type":"image\/jpeg"}],"twitter_card":"summary_large_image","twitter_misc":{"Dur\u00e9e de lecture estim\u00e9e":"1 minute"},"schema":{"@context":"https:\/\/schema.org","@graph":[{"@type":"WebPage","@id":"https:\/\/socleatelier.fr\/?portfolio=renovation-interieure-dun-appartement-issu-du-patrimoine-de-la-reconstruction","url":"https:\/\/socleatelier.fr\/?portfolio=renovation-interieure-dun-appartement-issu-du-patrimoine-de-la-reconstruction","name":"R\u00e9novation d\u2019un appartement issu de la Reconstruction - Socle Atelier","isPartOf":{"@id":"https:\/\/socleatelier.fr\/#website"},"datePublished":"2024-04-26T09:03:06+00:00","dateModified":"2026-03-19T11:41:31+00:00","breadcrumb":{"@id":"https:\/\/socleatelier.fr\/?portfolio=renovation-interieure-dun-appartement-issu-du-patrimoine-de-la-reconstruction#breadcrumb"},"inLanguage":"fr-FR","potentialAction":[{"@type":"ReadAction","target":["https:\/\/socleatelier.fr\/?portfolio=renovation-interieure-dun-appartement-issu-du-patrimoine-de-la-reconstruction"]}]},{"@type":"BreadcrumbList","@id":"https:\/\/socleatelier.fr\/?portfolio=renovation-interieure-dun-appartement-issu-du-patrimoine-de-la-reconstruction#breadcrumb","itemListElement":[{"@type":"ListItem","position":1,"name":"Accueil","item":"https:\/\/socleatelier.fr\/"},{"@type":"ListItem","position":2,"name":"R\u00e9novation d\u2019un appartement issu de la Reconstruction"}]},{"@type":"WebSite","@id":"https:\/\/socleatelier.fr\/#website","url":"https:\/\/socleatelier.fr\/","name":"Socle Atelier","description":"","publisher":{"@id":"https:\/\/socleatelier.fr\/#organization"},"potentialAction":[{"@type":"SearchAction","target":{"@type":"EntryPoint","urlTemplate":"https:\/\/socleatelier.fr\/?s={search_term_string}"},"query-input":"required name=search_term_string"}],"inLanguage":"fr-FR"},{"@type":"Organization","@id":"https:\/\/socleatelier.fr\/#organization","name":"Socle Atelier","url":"https:\/\/socleatelier.fr\/","logo":{"@type":"ImageObject","inLanguage":"fr-FR","@id":"https:\/\/socleatelier.fr\/#\/schema\/logo\/image\/","url":"https:\/\/socleatelier.fr\/wp-content\/uploads\/2023\/07\/logo-rond-nb.png","contentUrl":"https:\/\/socleatelier.fr\/wp-content\/uploads\/2023\/07\/logo-rond-nb.png","width":386,"height":386,"caption":"Socle Atelier"},"image":{"@id":"https:\/\/socleatelier.fr\/#\/schema\/logo\/image\/"},"sameAs":["https:\/\/www.instagram.com\/socleatelier\/","https:\/\/www.linkedin.com\/company\/103561550\/admin\/feed\/posts\/"]}]}},"_links":{"self":[{"href":"https:\/\/socleatelier.fr\/index.php?rest_route=\/wp\/v2\/portfolio\/2107","targetHints":{"allow":["GET"]}}],"collection":[{"href":"https:\/\/socleatelier.fr\/index.php?rest_route=\/wp\/v2\/portfolio"}],"about":[{"href":"https:\/\/socleatelier.fr\/index.php?rest_route=\/wp\/v2\/types\/portfolio"}],"replies":[{"embeddable":true,"href":"https:\/\/socleatelier.fr\/index.php?rest_route=%2Fwp%2Fv2%2Fcomments&post=2107"}],"version-history":[{"count":14,"href":"https:\/\/socleatelier.fr\/index.php?rest_route=\/wp\/v2\/portfolio\/2107\/revisions"}],"predecessor-version":[{"id":2932,"href":"https:\/\/socleatelier.fr\/index.php?rest_route=\/wp\/v2\/portfolio\/2107\/revisions\/2932"}],"wp:featuredmedia":[{"embeddable":true,"href":"https:\/\/socleatelier.fr\/index.php?rest_route=\/wp\/v2\/media\/2114"}],"wp:attachment":[{"href":"https:\/\/socleatelier.fr\/index.php?rest_route=%2Fwp%2Fv2%2Fmedia&parent=2107"}],"wp:term":[{"taxonomy":"post_tag","embeddable":true,"href":"https:\/\/socleatelier.fr\/index.php?rest_route=%2Fwp%2Fv2%2Ftags&post=2107"}],"curies":[{"name":"wp","href":"https:\/\/api.w.org\/{rel}","templated":true}]}}